


















{"id":11692,"date":"2022-01-24T13:48:37","date_gmt":"2022-01-24T13:48:37","guid":{"rendered":"https:\/\/bilanciosocialecgil.it\/?page_id=11692"},"modified":"2022-02-15T12:10:39","modified_gmt":"2022-02-15T12:10:39","slug":"inca","status":"publish","type":"page","link":"https:\/\/bilanciosocialecgil.it\/emilia-romagna\/la-nostra-azione\/tutele-individuali\/inca\/","title":{"rendered":"INCA"},"content":{"rendered":"<section data-vc-full-width=\"true\" data-vc-full-width-init=\"false\" class=\"vc_section\">\r\n<div  data-mk-full-width=\"true\" data-mk-full-width-init=\"false\" class=\"wpb_row vc_row vc_row-fluid jupiter-donut- mk-fullwidth-true  attched-false obiettivi    js-master-row \">\r\n\t\t\t<div class=\"mk-grid\">\r\n\t\t\t\t\r\n<div class=\"vc_col-sm-12 wpb_column column_container vc_custom_1643038235213 jupiter-donut- _ jupiter-donut-height-full\">\r\n\t<h2 style=\"font-size: 20px;color: #636363;text-align: center\" class=\"vc_custom_heading vc_custom_1643036472374\" >OBIETTIVI<\/h2>\n<div class=\"mk-custom-box jupiter-donut- hover-effect-image\" id=\"box-2\">\r\n\t<div class=\"box-holder\">\t<div class=\" vc_custom_1643035514412\">\r\n\r\n<div id=\"text-block-3\" class=\"mk-text-block  jupiter-donut- \">\r\n\r\n\t\r\n\t<p>La tutela dei lavoratori, dei pensionati e dei cittadini si afferma con la rivendicazione dei diritti e con la possibilit\u00e0 di disporne concretamente. La rivendicazione dei diritti si esprime attraverso rappresentanze politiche e\/o sindacali (collettive), la possibilit\u00e0 di disporre concretamente delle tutele previste dipende poi dalla capacit\u00e0 del cittadino di accedere ai benefici previsti. La Cgil \u00e8 attiva in entrambe queste attivit\u00e0: rivendica diritti (con l\u2019iniziativa confederale e delle categorie) ed aiuta le persone a disporne (con l\u2019attivit\u00e0 del patronato INCA per i diritti assistenziali e previdenziali, delle societ\u00e0 convenzionate con il CAF-Cgil per i diritti di natura fiscale e parafiscale), con gli Uffici Vertenze (per i diritti sul lavoro), con le Associazioni e gli Enti promossi per le tutele dei consumatori (Federconsumatori), degli inquilini (SUNIA), degli immigrati (nelle Camere del Lavoro).<\/p>\n\r\n\t<div class=\"clearboth\"><\/div>\r\n<\/div>\r\n\r\n\t<\/div>\r\n\r\n\t\t<div class=\"jupiter-donut-clearfix\"><\/div>\r\n\t<\/div>\r\n<\/div>\r\n<\/div>\r\n\t\t\t<\/div>\r\n\t<\/div>\r\n<div class=\"vc_row-full-width vc_clearfix\"><\/div>\r\n<div  data-mk-full-width=\"true\" data-mk-full-width-init=\"false\" class=\"wpb_row vc_row vc_row-fluid jupiter-donut- mk-fullwidth-true  attched-false azioni    js-master-row \">\r\n\t\t\t<div class=\"mk-grid\">\r\n\t\t\t\t\r\n<div class=\"vc_col-sm-12 wpb_column column_container vc_custom_1643038239586 jupiter-donut- _ jupiter-donut-height-full\">\r\n\t<h2 style=\"font-size: 20px;color: #636363;text-align: center\" class=\"vc_custom_heading vc_custom_1643036476718\" >AZIONI<\/h2>\n<div class=\"mk-custom-box jupiter-donut- hover-effect-image  mk-animate-element right-to-left\" id=\"box-5\">\r\n\t<div class=\"box-holder\">\t<div class=\" vc_custom_1643032294089\">\r\n\r\n<div id=\"text-block-6\" class=\"mk-text-block  jupiter-donut- \">\r\n\r\n\t\r\n\t<p>Impegno a diffondere nel territorio la tutela previdenziale ed assistenziale degli sportelli Inca, anche con una preziosa collaborazione del sindacato pensionati e di altre categorie.<\/p>\n\r\n\t<div class=\"clearboth\"><\/div>\r\n<\/div>\r\n\r\n\t<\/div>\r\n\r\n\t\t<div class=\"jupiter-donut-clearfix\"><\/div>\r\n\t<\/div>\r\n<\/div>\r\n\n<div class=\"mk-custom-box jupiter-donut- hover-effect-image  mk-animate-element right-to-left\" id=\"box-7\">\r\n\t<div class=\"box-holder\">\t<div class=\" vc_custom_1643032302550\">\r\n\r\n<div id=\"text-block-8\" class=\"mk-text-block  jupiter-donut- \">\r\n\r\n\t\r\n\t<p>Valorizzazione dell\u2019attivit\u00e0 di tutela individuale sia per l\u2019aiuto concretamente offerto a lavoratori, pensionati e cittadini che per il contributo politico e sindacale offerto alla Confederazione con la conoscenza dei problemi delle persone, l\u2019elaborazione di proposte, il sostegno all\u2019attivit\u00e0 rivendicativ della Cgil e delle categorie.<\/p>\n\r\n\t<div class=\"clearboth\"><\/div>\r\n<\/div>\r\n\r\n\t<\/div>\r\n\r\n\t\t<div class=\"jupiter-donut-clearfix\"><\/div>\r\n\t<\/div>\r\n<\/div>\r\n\n<div class=\"mk-custom-box jupiter-donut- hover-effect-image  mk-animate-element right-to-left\" id=\"box-9\">\r\n\t<div class=\"box-holder\">\t<div class=\" vc_custom_1643032311157\">\r\n\r\n<div id=\"text-block-10\" class=\"mk-text-block  jupiter-donut- \">\r\n\r\n\t\r\n\t<p>Sviluppo di una crescente integrazione e collaborazione tra Inca, Caf, Uffici Vertenze, Categorie ed Associazioni promosse dalla Cgil per lo sviluppo di una tutela che non si limiti a rispondere a \u201cdomande\u201d ed a compilare pratiche, ma si sforzi di analizzare bisogni promuovendo anche i diritti non percepiti.<\/p>\n\r\n\t<div class=\"clearboth\"><\/div>\r\n<\/div>\r\n\r\n\t<\/div>\r\n\r\n\t\t<div class=\"jupiter-donut-clearfix\"><\/div>\r\n\t<\/div>\r\n<\/div>\r\n\n<div class=\"mk-custom-box jupiter-donut- hover-effect-image  mk-animate-element right-to-left\" id=\"box-11\">\r\n\t<div class=\"box-holder\">\t<div class=\" vc_custom_1643032318062\">\r\n\r\n<div id=\"text-block-12\" class=\"mk-text-block  jupiter-donut- \">\r\n\r\n\t\r\n\t<p>A sostegno di questo obiettivo (di tutela \u201cglobale\u201d dei lavoratori e delle lavoratrici, de giovani e dei pensionati) dal 2016 \u00e8 stata introdotta la figura professionale dell\u2019\u201dOperatore Polivalente\u201d, orientato alla presa in carico dei problemi degli iscritti e dei cittadini che si rivolgono al sindacato<\/p>\n\r\n\t<div class=\"clearboth\"><\/div>\r\n<\/div>\r\n\r\n\t<\/div>\r\n\r\n\t\t<div class=\"jupiter-donut-clearfix\"><\/div>\r\n\t<\/div>\r\n<\/div>\r\n\n<div class=\"mk-custom-box jupiter-donut- hover-effect-image  mk-animate-element right-to-left\" id=\"box-13\">\r\n\t<div class=\"box-holder\">\t<div class=\" vc_custom_1643032375254\">\r\n\r\n<div id=\"text-block-14\" class=\"mk-text-block  jupiter-donut- \">\r\n\r\n\t\r\n\t<p>Riconoscimento di un \u201cprivilegio particolare\u201d agli iscritti al sindacato, riconoscendo la gratuit\u00e0 o condizioni particolari di accesso a chi, con la propria adesione, forma e sostiene una organizzazione che trae dalle iscrizioni la sua forza. Il sindacato esiste nel momento in cui lavoratori e pensionati si organizzano.<\/p>\n\r\n\t<div class=\"clearboth\"><\/div>\r\n<\/div>\r\n\r\n\t<\/div>\r\n\r\n\t\t<div class=\"jupiter-donut-clearfix\"><\/div>\r\n\t<\/div>\r\n<\/div>\r\n<\/div>\r\n\t\t\t<\/div>\r\n\t<\/div>\r\n<div class=\"vc_row-full-width vc_clearfix\"><\/div><\/section><div class=\"vc_row-full-width vc_clearfix\"><\/div>\r\n<div  data-mk-stretch-content=\"true\" class=\"wpb_row vc_row vc_row-fluid jupiter-donut- mk-fullwidth-false  attched-false utenti-caf   vc_custom_1643038276901  equal-columns js-master-row  mk-grid\">\r\n\t\t\t\t\r\n<div class=\"vc_col-sm-10 vc_col-lg-4\/5 vc_col-md-4\/5 vc_col-xs-12 inca-er wpb_column column_container vc_custom_1643039355054 jupiter-donut- _ jupiter-donut-height-full\">\r\n\t<h2 style=\"font-size: 20px;color: #636363;text-align: left\" class=\"vc_custom_heading vc_custom_1643036490493\" >NEL 2020 NELL'INCA EMILIA ROMAGNA:<\/h2>\r\n\r\n<div class=\"wpb_row vc_inner vc_row vc_row-fluid jupiter-donut-   attched-false   \">\r\n\t\t\t<div class=\"mile-left wpb_column vc_column_container vc_col-sm-6\"><div class=\"vc_column-inner vc_custom_1643038939909\"><div class=\"wpb_wrapper\">\n<div class=\"mk-custom-box jupiter-donut- hover-effect-image\" id=\"box-16\">\r\n\t<div class=\"box-holder\">\r\n<div id=\"milestone-17\" class=\"mk-milestone milestone-medium center-align  jupiter-donut-\">\r\n\r\n\t\t<i><\/i>\r\n\r\n\t<div class=\"milestone-top\">\r\n\t\t\t\t<span style=\"color:#000000;font-weight:bolder\" class=\"milestone-number\" data-speed=\"4030\" data-stop=\"375468\">0<\/span>\r\n\t\t\t\t<div style=\"color:#000000;font-size:20px\" class=\"milestone-text\">GLI UTENTI TOTALI<\/div>\t<\/div>\r\n\r\n\t<div class=\"clearboth\"><\/div>\r\n\t<\/div>\r\n\r\n\t\t<div class=\"jupiter-donut-clearfix\"><\/div>\r\n\t<\/div>\r\n<\/div>\r\n<\/div><\/div><\/div><div class=\"mile-right wpb_column vc_column_container vc_col-sm-6\"><div class=\"vc_column-inner vc_custom_1643038943661\"><div class=\"wpb_wrapper\">\n<div class=\"mk-custom-box jupiter-donut- pd-pad hover-effect-image\" id=\"box-18\">\r\n\t<div class=\"box-holder\">\r\n<div id=\"milestone-19\" class=\"mk-milestone milestone-medium center-align  jupiter-donut-\">\r\n\r\n\t\t<i><\/i>\r\n\r\n\t<div class=\"milestone-top\">\r\n\t\t\t\t<span style=\"color:#000000;font-weight:bolder\" class=\"milestone-number\" data-speed=\"4030\" data-stop=\"195193\">0<\/span>\r\n\t\t\t\t<div style=\"color:#000000;font-size:20px\" class=\"milestone-text\">GLI UTENTI ISCRITTI ALLA CGIL<\/div>\t<\/div>\r\n\r\n\t<div class=\"clearboth\"><\/div>\r\n\t<\/div>\r\n\r\n\t\t<div class=\"jupiter-donut-clearfix\"><\/div>\r\n\t<\/div>\r\n<\/div>\r\n\t<div class=\" vc_custom_1643034889754\">\r\n\r\n<div id=\"text-block-20\" class=\"mk-text-block  jupiter-donut- \">\r\n\r\n\t\r\n\t<p style=\"text-align: center;\">(Il 48% gli utenti non iscritti al Sindacato)<\/p>\n\r\n\t<div class=\"clearboth\"><\/div>\r\n<\/div>\r\n\r\n\t<\/div>\r\n<\/div><\/div><\/div>\t<\/div>\r\n<\/div>\r\n\r\n<div class=\"vc_col-sm-2 wpb_column column_container  jupiter-donut- _ jupiter-donut-height-full\">\r\n\t<\/div>\r\n\t<\/div>\r\n\r\n<div  data-mk-stretch-content=\"true\" class=\"wpb_row vc_row vc_row-fluid jupiter-donut- mk-fullwidth-false  attched-false utenti-caf   vc_custom_1644923748316  equal-columns js-master-row  mk-grid\">\r\n\t\t\t\t\r\n<div class=\"vc_col-sm-12 vc_col-lg-6 vc_col-md-6 vc_col-xs-12 wpb_column column_container  jupiter-donut- _ jupiter-donut-height-full\">\r\n\t<h3 style=\"font-size: 20px;color: #636363;text-align: left\" class=\"vc_custom_heading vc_custom_1643621020653\" >Utenti<\/h3>\r\n\t<div class=\"wpb_raw_code wpb_content_element wpb_raw_html graficoDesktop\" >\r\n\t\t<div class=\"wpb_wrapper\">\r\n\t\t\t<iframe seamless frameborder=\"0\" scrolling=\"no\" src=\"https:\/\/docs.google.com\/spreadsheets\/d\/e\/2PACX-1vSCfdPJFhfmR75t8qQr36w1qRbvnCckJ2U52qNfMmEnyvYgXA5h7KBpDI0PNB0CHisxJCpvmOrHy09K\/pubchart?oid=663833723&amp;format=interactive\"><\/iframe>\r\n\t\t<\/div>\r\n\t<\/div>\r\n\r\n\t<div  class=\"wpb_single_image wpb_content_element vc_align_left   graficoMobile\">\r\n\t\t\r\n\t\t<figure class=\"wpb_wrapper vc_figure\">\r\n\t\t\t<div class=\"vc_single_image-wrapper   vc_box_border_grey\"><img class=\"vc_single_image-img \" src=\"https:\/\/bilanciosocialecgil.it\/wp-content\/uploads\/2022\/02\/grafico-utenti.gif\" width=\"327\" height=\"180\" alt=\"grafico-utenti\" title=\"grafico-utenti\" \/><\/div>\r\n\t\t<\/figure>\r\n\t<\/div>\r\n<\/div>\r\n\r\n<div class=\"vc_col-sm-12 vc_col-lg-offset-0 vc_col-lg-6 vc_col-md-offset-0 vc_col-md-6 vc_col-xs-12 wpb_column column_container  jupiter-donut- _ jupiter-donut-height-full\">\r\n\t<h3 style=\"font-size: 20px;color: #636363;text-align: left\" class=\"vc_custom_heading vc_custom_1643621008050\" >Pratiche<\/h3>\r\n\t<div class=\"wpb_raw_code wpb_content_element wpb_raw_html graficoDesktop\" >\r\n\t\t<div class=\"wpb_wrapper\">\r\n\t\t\t<iframe seamless frameborder=\"0\" scrolling=\"no\" src=\"https:\/\/docs.google.com\/spreadsheets\/d\/e\/2PACX-1vSCfdPJFhfmR75t8qQr36w1qRbvnCckJ2U52qNfMmEnyvYgXA5h7KBpDI0PNB0CHisxJCpvmOrHy09K\/pubchart?oid=268998295&amp;format=interactive\"><\/iframe>\r\n\t\t<\/div>\r\n\t<\/div>\r\n\r\n\t<div  class=\"wpb_single_image wpb_content_element vc_align_left   graficoMobile\">\r\n\t\t\r\n\t\t<figure class=\"wpb_wrapper vc_figure\">\r\n\t\t\t<div class=\"vc_single_image-wrapper   vc_box_border_grey\"><img class=\"vc_single_image-img \" src=\"https:\/\/bilanciosocialecgil.it\/wp-content\/uploads\/2022\/02\/grafico-pratiche.gif\" width=\"330\" height=\"192\" alt=\"grafico-pratiche\" title=\"grafico-pratiche\" \/><\/div>\r\n\t\t<\/figure>\r\n\t<\/div>\r\n<\/div>\r\n\t<\/div>\r\n\r\n<div  data-mk-stretch-content=\"true\" class=\"wpb_row vc_row vc_row-fluid jupiter-donut- mk-fullwidth-false  attched-false utenti-caf   vc_custom_1643032878764  equal-columns js-master-row  mk-grid\">\r\n\t\t\t\t\r\n<div class=\"vc_col-sm-10 vc_col-lg-4\/5 vc_col-md-4\/5 vc_col-xs-12 presenze wpb_column column_container vc_custom_1643039231253 jupiter-donut- _ jupiter-donut-height-full\">\r\n\t<h2 style=\"font-size: 20px;color: #636363;text-align: left\" class=\"vc_custom_heading vc_custom_1643036495924\" >LE PRESENZE:<\/h2>\r\n\r\n<div class=\"wpb_row vc_inner vc_row vc_row-fluid jupiter-donut-   attched-false   \">\r\n\t\t\t<div class=\"mile-left wpb_column vc_column_container vc_col-sm-6\"><div class=\"vc_column-inner vc_custom_1643038557906\"><div class=\"wpb_wrapper\">\n<div class=\"mk-custom-box jupiter-donut- pd-pad hover-effect-image\" id=\"box-25\">\r\n\t<div class=\"box-holder\">\r\n<div id=\"milestone-26\" class=\"mk-milestone milestone-medium center-align  jupiter-donut-\">\r\n\r\n\t\t<i><\/i>\r\n\r\n\t<div class=\"milestone-top\">\r\n\t\t\t\t<span style=\"color:#000000;font-weight:bolder\" class=\"milestone-number\" data-speed=\"4030\" data-stop=\"261\">0<\/span>\r\n\t\t\t\t<div style=\"color:#000000;font-size:20px\" class=\"milestone-text\">SEDI PRINCIPALI RICONOSCIUTE DAL MINISTERO<\/div>\t<\/div>\r\n\r\n\t<div class=\"clearboth\"><\/div>\r\n\t<\/div>\r\n\r\n\t\t<div class=\"jupiter-donut-clearfix\"><\/div>\r\n\t<\/div>\r\n<\/div>\r\n<\/div><\/div><\/div><div class=\"mile-right wpb_column vc_column_container vc_col-sm-6\"><div class=\"vc_column-inner vc_custom_1643038574299\"><div class=\"wpb_wrapper\">\n<div class=\"mk-custom-box jupiter-donut- hover-effect-image\" id=\"box-27\">\r\n\t<div class=\"box-holder\">\r\n<div id=\"milestone-28\" class=\"mk-milestone milestone-medium center-align  jupiter-donut-\">\r\n\r\n\t\t<i><\/i>\r\n\r\n\t<div class=\"milestone-top\">\r\n\t\t\t\t<span style=\"color:#000000;font-weight:bolder\" class=\"milestone-number\" data-speed=\"4030\" data-stop=\"2362\">0<\/span>\r\n\t\t\t\t<div style=\"color:#000000;font-size:20px\" class=\"milestone-text\">PERMANENZE MENSILI DEL PATRONATO<\/div>\t<\/div>\r\n\r\n\t<div class=\"clearboth\"><\/div>\r\n\t<\/div>\r\n\r\n\t\t<div class=\"jupiter-donut-clearfix\"><\/div>\r\n\t<\/div>\r\n<\/div>\r\n<\/div><\/div><\/div>\t<\/div>\r\n<\/div>\r\n\r\n<div class=\"vc_col-sm-2 wpb_column column_container  jupiter-donut- _ jupiter-donut-height-full\">\r\n\t<\/div>\r\n\t<\/div>\r\n","protected":false},"excerpt":{"rendered":"OBIETTIVI La tutela dei lavoratori, dei pensionati e dei cittadini si afferma con la rivendicazione dei diritti e con la possibilit\u00e0 di disporne concretamente. La rivendicazione dei diritti si esprime attraverso rappresentanze politiche e\/o sindacali (collettive), la possibilit\u00e0 di disporre concretamente delle tutele previste dipende poi dalla capacit\u00e0 del cittadino di accedere ai benefici previsti. [...]","protected":false},"author":3,"featured_media":0,"parent":11606,"menu_order":0,"comment_status":"closed","ping_status":"closed","template":"","meta":[],"yoast_head":"<!-- This site is optimized with the Yoast SEO plugin v18.3 - https:\/\/yoast.com\/wordpress\/plugins\/seo\/ -->\n<title>Tutela individuale - Bilancio Sociale CGIL Emilia Romagna<\/title>\n<meta name=\"description\" content=\"I servizi della CGIL in Emilia Romagna per la tutela individuale: patronato INCA, CAAF (fisco), Ufficio vertenze legali \u2013 utenti e pratiche\" \/>\n<meta name=\"robots\" content=\"index, follow, max-snippet:-1, max-image-preview:large, max-video-preview:-1\" \/>\n<link rel=\"canonical\" href=\"https:\/\/bilanciosocialecgil.it\/emilia-romagna\/la-nostra-azione\/tutele-individuali\/inca\/\" \/>\n<meta property=\"og:locale\" content=\"it_IT\" \/>\n<meta property=\"og:type\" content=\"article\" \/>\n<meta property=\"og:title\" content=\"Tutela individuale - Bilancio Sociale CGIL Emilia Romagna\" \/>\n<meta property=\"og:description\" content=\"I servizi della CGIL in Emilia Romagna per la tutela individuale: patronato INCA, CAAF (fisco), Ufficio vertenze legali \u2013 utenti e pratiche\" \/>\n<meta property=\"og:url\" content=\"https:\/\/bilanciosocialecgil.it\/emilia-romagna\/la-nostra-azione\/tutele-individuali\/inca\/\" \/>\n<meta property=\"og:site_name\" content=\"Bilancio Sociale CGIL Emilia Romagna\" \/>\n<meta property=\"article:publisher\" content=\"https:\/\/www.facebook.com\/CgilEmiliaRomagna\/\" \/>\n<meta property=\"article:modified_time\" content=\"2022-02-15T12:10:39+00:00\" \/>\n<meta name=\"twitter:card\" content=\"summary\" \/>\n<meta name=\"twitter:site\" content=\"@ERCGIL\" \/>\n<meta name=\"twitter:label1\" content=\"Tempo di lettura stimato\" \/>\n\t<meta name=\"twitter:data1\" content=\"4 minuti\" \/>\n<script type=\"application\/ld+json\" class=\"yoast-schema-graph\">{\"@context\":\"https:\/\/schema.org\",\"@graph\":[{\"@type\":\"Organization\",\"@id\":\"https:\/\/bilanciosocialecgil.it\/emilia-romagna\/#organization\",\"name\":\"Cgil Emilia Romagna\",\"url\":\"https:\/\/bilanciosocialecgil.it\/emilia-romagna\/\",\"sameAs\":[\"https:\/\/www.facebook.com\/CgilEmiliaRomagna\/\",\"https:\/\/www.instagram.com\/cgilemromagna\/\",\"https:\/\/twitter.com\/ERCGIL\"],\"logo\":{\"@type\":\"ImageObject\",\"@id\":\"https:\/\/bilanciosocialecgil.it\/emilia-romagna\/#logo\",\"inLanguage\":\"it-IT\",\"url\":\"https:\/\/bilanciosocialecgil.it\/wp-content\/uploads\/2016\/08\/logoCGILER.png\",\"contentUrl\":\"https:\/\/bilanciosocialecgil.it\/wp-content\/uploads\/2016\/08\/logoCGILER.png\",\"width\":164,\"height\":228,\"caption\":\"Cgil Emilia Romagna\"},\"image\":{\"@id\":\"https:\/\/bilanciosocialecgil.it\/emilia-romagna\/#logo\"}},{\"@type\":\"WebSite\",\"@id\":\"https:\/\/bilanciosocialecgil.it\/emilia-romagna\/#website\",\"url\":\"https:\/\/bilanciosocialecgil.it\/emilia-romagna\/\",\"name\":\"Bilancio Sociale CGIL Emilia Romagna\",\"description\":\"Uno strumento di trasparenza e rendicontazione\",\"publisher\":{\"@id\":\"https:\/\/bilanciosocialecgil.it\/emilia-romagna\/#organization\"},\"potentialAction\":[{\"@type\":\"SearchAction\",\"target\":{\"@type\":\"EntryPoint\",\"urlTemplate\":\"https:\/\/bilanciosocialecgil.it\/emilia-romagna\/?s={search_term_string}\"},\"query-input\":\"required name=search_term_string\"}],\"inLanguage\":\"it-IT\"},{\"@type\":\"WebPage\",\"@id\":\"https:\/\/bilanciosocialecgil.it\/emilia-romagna\/la-nostra-azione\/tutele-individuali\/inca\/#webpage\",\"url\":\"https:\/\/bilanciosocialecgil.it\/emilia-romagna\/la-nostra-azione\/tutele-individuali\/inca\/\",\"name\":\"Tutela individuale - Bilancio Sociale CGIL Emilia Romagna\",\"isPartOf\":{\"@id\":\"https:\/\/bilanciosocialecgil.it\/emilia-romagna\/#website\"},\"datePublished\":\"2022-01-24T13:48:37+00:00\",\"dateModified\":\"2022-02-15T12:10:39+00:00\",\"description\":\"I servizi della CGIL in Emilia Romagna per la tutela individuale: patronato INCA, CAAF (fisco), Ufficio vertenze legali \u2013 utenti e pratiche\",\"breadcrumb\":{\"@id\":\"https:\/\/bilanciosocialecgil.it\/emilia-romagna\/la-nostra-azione\/tutele-individuali\/inca\/#breadcrumb\"},\"inLanguage\":\"it-IT\",\"potentialAction\":[{\"@type\":\"ReadAction\",\"target\":[\"https:\/\/bilanciosocialecgil.it\/emilia-romagna\/la-nostra-azione\/tutele-individuali\/inca\/\"]}]},{\"@type\":\"BreadcrumbList\",\"@id\":\"https:\/\/bilanciosocialecgil.it\/emilia-romagna\/la-nostra-azione\/tutele-individuali\/inca\/#breadcrumb\",\"itemListElement\":[{\"@type\":\"ListItem\",\"position\":1,\"name\":\"Home\",\"item\":\"https:\/\/bilanciosocialecgil.it\/emilia-romagna\/\"},{\"@type\":\"ListItem\",\"position\":2,\"name\":\"La nostra azione\",\"item\":\"https:\/\/bilanciosocialecgil.it\/emilia-romagna\/la-nostra-azione\/\"},{\"@type\":\"ListItem\",\"position\":3,\"name\":\"Le tutele individuali\",\"item\":\"https:\/\/bilanciosocialecgil.it\/emilia-romagna\/la-nostra-azione\/tutele-individuali\/\"},{\"@type\":\"ListItem\",\"position\":4,\"name\":\"INCA\"}]}]}<\/script>\n<!-- \/ Yoast SEO plugin. -->","yoast_head_json":{"title":"Tutela individuale - Bilancio Sociale CGIL Emilia Romagna","description":"I servizi della CGIL in Emilia Romagna per la tutela individuale: patronato INCA, CAAF (fisco), Ufficio vertenze legali \u2013 utenti e pratiche","robots":{"index":"index","follow":"follow","max-snippet":"max-snippet:-1","max-image-preview":"max-image-preview:large","max-video-preview":"max-video-preview:-1"},"canonical":"https:\/\/bilanciosocialecgil.it\/emilia-romagna\/la-nostra-azione\/tutele-individuali\/inca\/","og_locale":"it_IT","og_type":"article","og_title":"Tutela individuale - Bilancio Sociale CGIL Emilia Romagna","og_description":"I servizi della CGIL in Emilia Romagna per la tutela individuale: patronato INCA, CAAF (fisco), Ufficio vertenze legali \u2013 utenti e pratiche","og_url":"https:\/\/bilanciosocialecgil.it\/emilia-romagna\/la-nostra-azione\/tutele-individuali\/inca\/","og_site_name":"Bilancio Sociale CGIL Emilia Romagna","article_publisher":"https:\/\/www.facebook.com\/CgilEmiliaRomagna\/","article_modified_time":"2022-02-15T12:10:39+00:00","twitter_card":"summary","twitter_site":"@ERCGIL","twitter_misc":{"Tempo di lettura stimato":"4 minuti"},"schema":{"@context":"https:\/\/schema.org","@graph":[{"@type":"Organization","@id":"https:\/\/bilanciosocialecgil.it\/emilia-romagna\/#organization","name":"Cgil Emilia Romagna","url":"https:\/\/bilanciosocialecgil.it\/emilia-romagna\/","sameAs":["https:\/\/www.facebook.com\/CgilEmiliaRomagna\/","https:\/\/www.instagram.com\/cgilemromagna\/","https:\/\/twitter.com\/ERCGIL"],"logo":{"@type":"ImageObject","@id":"https:\/\/bilanciosocialecgil.it\/emilia-romagna\/#logo","inLanguage":"it-IT","url":"https:\/\/bilanciosocialecgil.it\/wp-content\/uploads\/2016\/08\/logoCGILER.png","contentUrl":"https:\/\/bilanciosocialecgil.it\/wp-content\/uploads\/2016\/08\/logoCGILER.png","width":164,"height":228,"caption":"Cgil Emilia Romagna"},"image":{"@id":"https:\/\/bilanciosocialecgil.it\/emilia-romagna\/#logo"}},{"@type":"WebSite","@id":"https:\/\/bilanciosocialecgil.it\/emilia-romagna\/#website","url":"https:\/\/bilanciosocialecgil.it\/emilia-romagna\/","name":"Bilancio Sociale CGIL Emilia Romagna","description":"Uno strumento di trasparenza e rendicontazione","publisher":{"@id":"https:\/\/bilanciosocialecgil.it\/emilia-romagna\/#organization"},"potentialAction":[{"@type":"SearchAction","target":{"@type":"EntryPoint","urlTemplate":"https:\/\/bilanciosocialecgil.it\/emilia-romagna\/?s={search_term_string}"},"query-input":"required name=search_term_string"}],"inLanguage":"it-IT"},{"@type":"WebPage","@id":"https:\/\/bilanciosocialecgil.it\/emilia-romagna\/la-nostra-azione\/tutele-individuali\/inca\/#webpage","url":"https:\/\/bilanciosocialecgil.it\/emilia-romagna\/la-nostra-azione\/tutele-individuali\/inca\/","name":"Tutela individuale - Bilancio Sociale CGIL Emilia Romagna","isPartOf":{"@id":"https:\/\/bilanciosocialecgil.it\/emilia-romagna\/#website"},"datePublished":"2022-01-24T13:48:37+00:00","dateModified":"2022-02-15T12:10:39+00:00","description":"I servizi della CGIL in Emilia Romagna per la tutela individuale: patronato INCA, CAAF (fisco), Ufficio vertenze legali \u2013 utenti e pratiche","breadcrumb":{"@id":"https:\/\/bilanciosocialecgil.it\/emilia-romagna\/la-nostra-azione\/tutele-individuali\/inca\/#breadcrumb"},"inLanguage":"it-IT","potentialAction":[{"@type":"ReadAction","target":["https:\/\/bilanciosocialecgil.it\/emilia-romagna\/la-nostra-azione\/tutele-individuali\/inca\/"]}]},{"@type":"BreadcrumbList","@id":"https:\/\/bilanciosocialecgil.it\/emilia-romagna\/la-nostra-azione\/tutele-individuali\/inca\/#breadcrumb","itemListElement":[{"@type":"ListItem","position":1,"name":"Home","item":"https:\/\/bilanciosocialecgil.it\/emilia-romagna\/"},{"@type":"ListItem","position":2,"name":"La nostra azione","item":"https:\/\/bilanciosocialecgil.it\/emilia-romagna\/la-nostra-azione\/"},{"@type":"ListItem","position":3,"name":"Le tutele individuali","item":"https:\/\/bilanciosocialecgil.it\/emilia-romagna\/la-nostra-azione\/tutele-individuali\/"},{"@type":"ListItem","position":4,"name":"INCA"}]}]}},"_links":{"self":[{"href":"https:\/\/bilanciosocialecgil.it\/emilia-romagna\/wp-json\/wp\/v2\/pages\/11692"}],"collection":[{"href":"https:\/\/bilanciosocialecgil.it\/emilia-romagna\/wp-json\/wp\/v2\/pages"}],"about":[{"href":"https:\/\/bilanciosocialecgil.it\/emilia-romagna\/wp-json\/wp\/v2\/types\/page"}],"author":[{"embeddable":true,"href":"https:\/\/bilanciosocialecgil.it\/emilia-romagna\/wp-json\/wp\/v2\/users\/3"}],"replies":[{"embeddable":true,"href":"https:\/\/bilanciosocialecgil.it\/emilia-romagna\/wp-json\/wp\/v2\/comments?post=11692"}],"version-history":[{"count":30,"href":"https:\/\/bilanciosocialecgil.it\/emilia-romagna\/wp-json\/wp\/v2\/pages\/11692\/revisions"}],"predecessor-version":[{"id":12161,"href":"https:\/\/bilanciosocialecgil.it\/emilia-romagna\/wp-json\/wp\/v2\/pages\/11692\/revisions\/12161"}],"up":[{"embeddable":true,"href":"https:\/\/bilanciosocialecgil.it\/emilia-romagna\/wp-json\/wp\/v2\/pages\/11606"}],"wp:attachment":[{"href":"https:\/\/bilanciosocialecgil.it\/emilia-romagna\/wp-json\/wp\/v2\/media?parent=11692"}],"curies":[{"name":"wp","href":"https:\/\/api.w.org\/{rel}","templated":true}]}}